{"id":337,"date":"2019-01-02T19:26:08","date_gmt":"2019-01-02T19:26:08","guid":{"rendered":"http:\/\/judoclub-weilerswist.de\/?page_id=337"},"modified":"2022-06-22T17:23:45","modified_gmt":"2022-06-22T17:23:45","slug":"my-calendar","status":"publish","type":"page","link":"https:\/\/www.judoclub-weilerswist.de\/?page_id=337","title":{"rendered":"Trainingskalender"},"content":{"rendered":"\r\n<div id='my-calendar' class='mc-main mcjs listjs gridjs minijs ajaxjs inherit calendar month my-calendar is-main-view' >\n<script type=\"application\/ld+json\">\n[{\"@context\":\"https:\/\/schema.org\",\"@type\":\"Event\",\"name\":\"Montagstraining\",\"description\":\"Training f\\u00fcr alle ab 16 Jahren\",\"image\":\"https:\/\/www.judoclub-weilerswist.de\/wp-content\/uploads\/2022\/05\/cropped-Logo-e1652891973184.jpg\",\"url\":\"\",\"startDate\":\"2026-04-13T17:30:00+02:00\",\"endDate\":\"2026-04-13T19:30:00+02:00\",\"duration\":\"PT2H\",\"eventAttendanceMode\":\"https:\/\/schema.org\/OnlineEventAttendanceMode\",\"location\":{\"@type\":\"VirtualLocation\",\"url\":\"\"}},{\"@context\":\"https:\/\/schema.org\",\"@type\":\"Event\",\"name\":\"Jugendtraining (Mi)\",\"description\":\"Training\\u00a0 Kinder \\u00dc10 Trainer: Sebastian Kox\",\"image\":\"https:\/\/www.judoclub-weilerswist.de\/wp-content\/uploads\/2022\/05\/cropped-Logo-e1652891973184.jpg\",\"url\":\"\",\"startDate\":\"2026-04-15T19:00:00+02:00\",\"endDate\":\"2026-04-15T20:30:00+02:00\",\"duration\":\"PT1H30M\",\"eventAttendanceMode\":\"https:\/\/schema.org\/OnlineEventAttendanceMode\",\"location\":{\"@type\":\"VirtualLocation\",\"url\":\"\"}},{\"@context\":\"https:\/\/schema.org\",\"@type\":\"Event\",\"name\":\"Mitgliederversammlung\",\"description\":\"Mitgliederversammlung Liebe Judoka, liebe Eltern, liebe Vereinsmitglieder des Judoclub Weilerswist! Ihr wollt euch informieren, was die aktuellen Themen beim Judoclub sind? Das geht leider nicht immer zwischen unseren Trainings! Judo findet nicht nur auf der Matte statt, vieles wird auch au\\u00dferhalb der Sporthalle entschieden. Als gemeinn\\u00fctzige Gemeinschaft, die sich zur F\\u00f6rderung des Sports - im&hellip;\",\"image\":\"https:\/\/www.judoclub-weilerswist.de\/wp-content\/uploads\/2022\/05\/cropped-Logo-e1652891973184.jpg\",\"url\":\"\",\"startDate\":\"2026-04-17T19:00:00+02:00\",\"endDate\":\"2026-04-17T20:30:00+02:00\",\"duration\":\"PT1H30M\",\"eventAttendanceMode\":\"https:\/\/schema.org\/OnlineEventAttendanceMode\",\"location\":{\"@type\":\"VirtualLocation\",\"url\":\"\"}},{\"@context\":\"https:\/\/schema.org\",\"@type\":\"Event\",\"name\":\"Montagstraining\",\"description\":\"Training f\\u00fcr alle ab 16 Jahren\",\"image\":\"https:\/\/www.judoclub-weilerswist.de\/wp-content\/uploads\/2022\/05\/cropped-Logo-e1652891973184.jpg\",\"url\":\"\",\"startDate\":\"2026-04-20T17:30:00+02:00\",\"endDate\":\"2026-04-20T19:30:00+02:00\",\"duration\":\"PT2H\",\"eventAttendanceMode\":\"https:\/\/schema.org\/OnlineEventAttendanceMode\",\"location\":{\"@type\":\"VirtualLocation\",\"url\":\"\"}},{\"@context\":\"https:\/\/schema.org\",\"@type\":\"Event\",\"name\":\"Jugendtraining (Mi)\",\"description\":\"Training\\u00a0 Kinder \\u00dc10 Trainer: Sebastian Kox\",\"image\":\"https:\/\/www.judoclub-weilerswist.de\/wp-content\/uploads\/2022\/05\/cropped-Logo-e1652891973184.jpg\",\"url\":\"\",\"startDate\":\"2026-04-22T19:00:00+02:00\",\"endDate\":\"2026-04-22T20:30:00+02:00\",\"duration\":\"PT1H30M\",\"eventAttendanceMode\":\"https:\/\/schema.org\/OnlineEventAttendanceMode\",\"location\":{\"@type\":\"VirtualLocation\",\"url\":\"\"}},{\"@context\":\"https:\/\/schema.org\",\"@type\":\"Event\",\"name\":\"Jugendtraining (Fr)\",\"description\":\"Training\\u00a0 Kinder ab10 Trainer: Sebastian Kox\",\"image\":\"https:\/\/www.judoclub-weilerswist.de\/wp-content\/uploads\/2022\/05\/cropped-Logo-e1652891973184.jpg\",\"url\":\"\",\"startDate\":\"2026-04-24T19:00:00+02:00\",\"endDate\":\"2026-04-24T20:30:00+02:00\",\"duration\":\"PT1H30M\",\"eventAttendanceMode\":\"https:\/\/schema.org\/OnlineEventAttendanceMode\",\"location\":{\"@type\":\"VirtualLocation\",\"url\":\"\"}},{\"@context\":\"https:\/\/schema.org\",\"@type\":\"Event\",\"name\":\"Montagstraining\",\"description\":\"Training f\\u00fcr alle ab 16 Jahren\",\"image\":\"https:\/\/www.judoclub-weilerswist.de\/wp-content\/uploads\/2022\/05\/cropped-Logo-e1652891973184.jpg\",\"url\":\"\",\"startDate\":\"2026-04-27T17:30:00+02:00\",\"endDate\":\"2026-04-27T19:30:00+02:00\",\"duration\":\"PT2H\",\"eventAttendanceMode\":\"https:\/\/schema.org\/OnlineEventAttendanceMode\",\"location\":{\"@type\":\"VirtualLocation\",\"url\":\"\"}},{\"@context\":\"https:\/\/schema.org\",\"@type\":\"Event\",\"name\":\"Jugendtraining (Mi)\",\"description\":\"Training\\u00a0 Kinder \\u00dc10 Trainer: Sebastian Kox\",\"image\":\"https:\/\/www.judoclub-weilerswist.de\/wp-content\/uploads\/2022\/05\/cropped-Logo-e1652891973184.jpg\",\"url\":\"\",\"startDate\":\"2026-04-29T19:00:00+02:00\",\"endDate\":\"2026-04-29T20:30:00+02:00\",\"duration\":\"PT1H30M\",\"eventAttendanceMode\":\"https:\/\/schema.org\/OnlineEventAttendanceMode\",\"location\":{\"@type\":\"VirtualLocation\",\"url\":\"\"}}]\n<\/script>\n<h2 id=\"mc_head_my-calendar\" class=\"heading my-calendar-month\"><span>Veranstaltungen im April 2026<\/span><\/h2>\n\n<nav class=\"my-calendar-navigation\" aria-label=\"Kalender (oben)\">\n<div class=\"my-calendar-header\"><div class='mc-format'>\r\n\t\t<ul><li><button type='button' id='mc_grid-my-calendar' data-href='https:\/\/www.judoclub-weilerswist.de\/?page_id=337&#038;format=calendar&#038;rest_route=\/wp\/v2\/pages\/337' aria-pressed=\"true\" class='mc-navigation-button mc-grid-option mc-active'><span class='mc-icon' aria-hidden='true'><\/span><span class=\"maybe-hide\">Anzeigen als<\/span> Raster<\/button><\/li><li><button type='button' id='mc_list-my-calendar' data-href='https:\/\/www.judoclub-weilerswist.de\/?page_id=337&#038;format=list&#038;rest_route=\/wp\/v2\/pages\/337'  class='mc-navigation-button mc-list-option'><span class='mc-icon' aria-hidden='true'><\/span><span class=\"maybe-hide\">Ansicht als <\/span>Liste<\/button><\/li><\/ul>\r\n\t\t<\/div><div class='mc-time'><ul><li><button type='button' id='mc_month-my-calendar' data-href='https:\/\/www.judoclub-weilerswist.de\/?page_id=337&#038;cid=my-calendar&#038;rest_route=\/wp\/v2\/pages\/337&#038;time=month' class='mc-navigation-button month mc-active' aria-pressed='true'>Monat<\/button><\/li><li><button type='button' id='mc_week-my-calendar' data-href='https:\/\/www.judoclub-weilerswist.de\/?page_id=337&#038;cid=my-calendar&#038;dy=6&#038;month=4&#038;rest_route=\/wp\/v2\/pages\/337&#038;time=week&#038;yr=2026' class='mc-navigation-button week'>Woche<\/button><\/li><li><button type='button' id='mc_day-my-calendar' data-href='https:\/\/www.judoclub-weilerswist.de\/?page_id=337&#038;cid=my-calendar&#038;dy=6&#038;rest_route=\/wp\/v2\/pages\/337&#038;time=day' class='mc-navigation-button day'>Tag<\/button><li><\/ul><\/div><div class=\"my-calendar-date-switcher\"><form class=\"mc-date-switcher\" action=\"https:\/\/www.judoclub-weilerswist.de?rest_route=\/wp\/v2\/pages\/337\" method=\"get\"><div><input type=\"hidden\" name=\"cid\" value=\"my-calendar\" \/><input type=\"hidden\" name=\"rest_route\" value=\"\/wp\/v2\/pages\/337\" \/> <label class=\"maybe-hide\" for=\"my-calendar-month\">Monat<\/label> <select id=\"my-calendar-month\" name=\"month\">\n<option value='1'>Januar<\/option>\n<option value='2'>Februar<\/option>\n<option value='3'>M\u00e4rz<\/option>\n<option value='4' selected='selected'>April<\/option>\n<option value='5'>Mai<\/option>\n<option value='6'>Juni<\/option>\n<option value='7'>Juli<\/option>\n<option value='8'>August<\/option>\n<option value='9'>September<\/option>\n<option value='10'>Oktober<\/option>\n<option value='11'>November<\/option>\n<option value='12'>Dezember<\/option>\n<\/select>\n <label class=\"maybe-hide\" for=\"my-calendar-year\">Jahr<\/label> <select id=\"my-calendar-year\" name=\"yr\">\n<option value=\"2023\">2023<\/option>\n<option value=\"2024\">2024<\/option>\n<option value=\"2025\">2025<\/option>\n<option value=\"2026\" selected='selected'>2026<\/option>\n<\/select> <input type=\"submit\" class=\"button\" id=\"my-calendar-button\" value=\"Anzeigen\" \/><\/div><\/form><\/div>\r\n\t\t<div class=\"my-calendar-nav\">\r\n\t\t\t<ul>\r\n\t\t\t\t<li class=\"my-calendar-prev\"><button type=\"button\" class=\"mc-navigation-button\" id=\"mc_previous_my-calendar\" data-href=\"https:\/\/www.judoclub-weilerswist.de\/?page_id=337&#038;cid=my-calendar&#038;dy&#038;month=3&#038;rest_route=\/wp\/v2\/pages\/337&#038;time=month&#038;yr=2026\"><span class=\"mc-icon\" aria-hidden=\"true\"><\/span>Zur\u00fcck<\/button><\/li><li class=\"my-calendar-today\"><button type=\"button\" id=\"mc_today_my-calendar\" data-href=\"https:\/\/www.judoclub-weilerswist.de\/?page_id=337&#038;cid=my-calendar&#038;rest_route=\/wp\/v2\/pages\/337\" class=\"mc-navigation-button today mc-active\" aria-current=\"true\"><span class=\"mc-icon\" aria-hidden=\"true\"><\/span>Heute<\/button><\/li><li class=\"my-calendar-next\"><button type=\"button\" class=\"mc-navigation-button\" id=\"mc_next_my-calendar\" data-href=\"https:\/\/www.judoclub-weilerswist.de\/?page_id=337&#038;cid=my-calendar&#038;dy&#038;month=5&#038;rest_route=\/wp\/v2\/pages\/337&#038;time=month&#038;yr=2026\">Weiter<span class=\"mc-icon\" aria-hidden=\"true\"><\/span><\/button><\/li>\r\n\t\t\t<\/ul>\r\n\t\t<\/div><\/div>\n<\/nav>\n<div class=\"mc-content\">\n<table class='my-calendar-table' aria-labelledby='mc_head_my-calendar'>\n<thead>\n\t<tr class='mc-row'>\n\t\t<th scope=\"col\" class='day-heading mon'><abbr title=\"Montag\" aria-hidden=\"true\">Mo.<\/abbr><span class=\"screen-reader-text\">Montag<\/span><\/th>\n\n\t\t<th scope=\"col\" class='day-heading tues'><abbr title=\"Dienstag\" aria-hidden=\"true\">Di.<\/abbr><span class=\"screen-reader-text\">Dienstag<\/span><\/th>\n\n\t\t<th scope=\"col\" class='day-heading wed'><abbr title=\"Mittwoch\" aria-hidden=\"true\">Mi.<\/abbr><span class=\"screen-reader-text\">Mittwoch<\/span><\/th>\n\n\t\t<th scope=\"col\" class='day-heading thur'><abbr title=\"Donnerstag\" aria-hidden=\"true\">Do.<\/abbr><span class=\"screen-reader-text\">Donnerstag<\/span><\/th>\n\n\t\t<th scope=\"col\" class='day-heading fri'><abbr title=\"Freitag\" aria-hidden=\"true\">Fr.<\/abbr><span class=\"screen-reader-text\">Freitag<\/span><\/th>\n\n\t\t<th scope=\"col\" class='weekend-heading sat'><abbr title=\"Samstag\" aria-hidden=\"true\">Sa.<\/abbr><span class=\"screen-reader-text\">Samstag<\/span><\/th>\n\n\t\t<th scope=\"col\" class='weekend-heading sun'><abbr title=\"Sonntag\" aria-hidden=\"true\">So.<\/abbr><span class=\"screen-reader-text\">Sonntag<\/span><\/th>\n\t<\/tr>\n<\/thead>\n<tbody>\n<tr class='mc-row'><td class='no-events montag mo past-day past-date  nextmonth no-events day-with-date'><div class='mc-date-container'><span class='mc-date no-events'><span aria-hidden='true'>30<\/span><span class='screen-reader-text'>30 M\u00e4rz, 2026<\/span><\/span><\/div>\n<\/td>\n<td class='no-events dienstag di past-day past-date  nextmonth no-events day-with-date'><div class='mc-date-container'><span class='mc-date no-events'><span aria-hidden='true'>31<\/span><span class='screen-reader-text'>31 M\u00e4rz, 2026<\/span><\/span><\/div>\n<\/td>\n<td class='no-events mittwoch mi past-day past-date   no-events day-with-date'><div class='mc-date-container'><span class='mc-date no-events'><span aria-hidden='true'>1<\/span><span class='screen-reader-text'>1 April, 2026<\/span><\/span><\/div>\n<\/td>\n<td class='no-events donnerstag do past-day past-date   no-events day-with-date'><div class='mc-date-container'><span class='mc-date no-events'><span aria-hidden='true'>2<\/span><span class='screen-reader-text'>2 April, 2026<\/span><\/span><\/div>\n<\/td>\n<td class='no-events freitag fr past-day past-date   no-events day-with-date'><div class='mc-date-container'><span class='mc-date no-events'><span aria-hidden='true'>3<\/span><span class='screen-reader-text'>3 April, 2026<\/span><\/span><\/div>\n<\/td>\n<td class='no-events samstag sa past-day past-date weekend  no-events day-with-date'><div class='mc-date-container'><span class='mc-date no-events'><span aria-hidden='true'>4<\/span><span class='screen-reader-text'>4 April, 2026<\/span><\/span><\/div>\n<\/td>\n<td class='no-events sonntag so past-day past-date weekend  no-events day-with-date'><div class='mc-date-container'><span class='mc-date no-events'><span aria-hidden='true'>5<\/span><span class='screen-reader-text'>5 April, 2026<\/span><\/span><\/div>\n<\/td>\n<\/tr>\n<!-- End Event Row -->\n<tr class='mc-row'><td class='no-events montag mo past-day past-date   no-events day-with-date'><div class='mc-date-container'><span class='mc-date no-events'><span aria-hidden='true'>6<\/span><span class='screen-reader-text'>6 April, 2026<\/span><\/span><\/div>\n<\/td>\n<td class='no-events dienstag di past-day past-date   no-events day-with-date'><div class='mc-date-container'><span class='mc-date no-events'><span aria-hidden='true'>7<\/span><span class='screen-reader-text'>7 April, 2026<\/span><\/span><\/div>\n<\/td>\n<td class='no-events mittwoch mi past-day past-date   no-events day-with-date'><div class='mc-date-container'><span class='mc-date no-events'><span aria-hidden='true'>8<\/span><span class='screen-reader-text'>8 April, 2026<\/span><\/span><\/div>\n<\/td>\n<td class='no-events donnerstag do past-day past-date   no-events day-with-date'><div class='mc-date-container'><span class='mc-date no-events'><span aria-hidden='true'>9<\/span><span class='screen-reader-text'>9 April, 2026<\/span><\/span><\/div>\n<\/td>\n<td class='no-events freitag fr past-day past-date   no-events day-with-date'><div class='mc-date-container'><span class='mc-date no-events'><span aria-hidden='true'>10<\/span><span class='screen-reader-text'>10 April, 2026<\/span><\/span><\/div>\n<\/td>\n<td class='no-events samstag sa past-day past-date weekend  no-events day-with-date'><div class='mc-date-container'><span class='mc-date no-events'><span aria-hidden='true'>11<\/span><span class='screen-reader-text'>11 April, 2026<\/span><\/span><\/div>\n<\/td>\n<td class='no-events sonntag so past-day past-date weekend  no-events day-with-date'><div class='mc-date-container'><span class='mc-date no-events'><span aria-hidden='true'>12<\/span><span class='screen-reader-text'>12 April, 2026<\/span><\/span><\/div>\n<\/td>\n<\/tr>\n<!-- End Event Row -->\n<tr class='mc-row'><td id='calendar-2026-04-13' class='mc-events montag mo past-day past-date   has-events author1 mcat_jugend day-with-date'><div class='mc-date-container'>\n\t<span class='mc-date'><span aria-hidden='true' class='mc-day-number'>13<\/span><span class='screen-reader-text mc-day-date'>13 April, 2026<\/span><span class=\"event-icon\" aria-hidden=\"true\">&#9679;<\/span><span class=\"screen-reader-text\"><span class=\"mc-list-details event-count\">(1 Veranstaltung)<\/span><\/span><\/span><\/div><article id='mc_calendar_13_1569-calendar-1569' class='mc-mc_calendar_1569 calendar-event mc_jugend mc_no-location  past-event mc_primary_jugend recurring mc-2-stunden mc-start-17-30 ungrouped mc-event-143 mc-events mc-event mc_rel_jugend'><header>\t<h3 class='event-title summary' id='mc_1569-title-my-calendar'><button type='button'  aria-expanded='false' aria-controls='mc_calendar_13_1569-calendar-details-1569' class='calendar open url summary'><div>17:30: Montagstraining<\/div><\/button><\/h3>\n<\/header><div id='mc_calendar_13_1569-calendar-details-1569' class='details no-image single-details'  aria-labelledby='mc_1569-title-my-calendar'>\n\t<button type='button' aria-controls='mc_calendar_13_1569-calendar-details-1569' class='mc-toggle close'><span class='dashicons dashicons-dismiss' aria-hidden='true'><\/span><span class='screen-reader-text'>Close<\/span><\/button>\n\t\t<h4 class=\"mc-title\">17:30: Montagstraining<\/h4>\n\t\r\n\t<div class='time-block'>\r\n\t\t<span class='mc-icon' aria-hidden='true'><\/span>\r\n\t\t<p><span class=\"time-wrapper\"><span class='event-time dtstart'><time class='value-title' datetime='2026-04-13T17:30:00+00:00' title='2026-04-13T17:30:00+00:00'>17:30<\/time><\/span> <span class='time-separator'> &ndash; <\/span> <span class='end-time dtend'> <time class='value-title' datetime='2026-04-13T19:30:00+00:00' title='2026-04-13T19:30:00+00:00'>19:30<\/time><\/span><\/span><br \/><span class=\"date-wrapper\"><span class='mc-start-date dtstart' title='2026-04-13T17:30:00+00:00' content='2026-04-13T17:30:00+00:00'>13 April, 2026<\/span>  <\/span><\/p>\r\n\t<\/div>\n\t\t<div class='longdesc description'><p>Training f\u00fcr alle ab 16 Jahren<\/p>\n<\/div><\/div><!--end .details--><\/article>\n<\/td>\n<td class='no-events dienstag di past-day past-date   no-events day-with-date'><div class='mc-date-container'><span class='mc-date no-events'><span aria-hidden='true'>14<\/span><span class='screen-reader-text'>14 April, 2026<\/span><\/span><\/div>\n<\/td>\n<td id='calendar-2026-04-15' class='mc-events mittwoch mi past-day past-date   has-events author1 mcat_kinder mcat_jugend day-with-date'><div class='mc-date-container'>\n\t<span class='mc-date'><span aria-hidden='true' class='mc-day-number'>15<\/span><span class='screen-reader-text mc-day-date'>15 April, 2026<\/span><span class=\"event-icon\" aria-hidden=\"true\">&#9679;&#9679;<\/span><span class=\"screen-reader-text\"><span class=\"mc-list-details event-count\">(2 Veranstaltungen)<\/span><\/span><\/span><\/div><article id='mc_calendar_15_1583-calendar-1583' class='mc-mc_calendar_1583 calendar-event mc_kinder mc_no-location  past-event mc_primary_kinder recurring mc-2-stunden mc-start-17-30 ungrouped mc-event-130 mc-events mc-event mc_rel_kinder'><header>\t<h3 class='event-title summary' id='mc_1583-title-my-calendar'><button type='button'  aria-expanded='false' aria-controls='mc_calendar_15_1583-calendar-details-1583' class='calendar open url summary'><div>17:30: Kindertraining (Mi)<\/div><\/button><\/h3>\n<\/header><div id='mc_calendar_15_1583-calendar-details-1583' class='details no-image single-details'  aria-labelledby='mc_1583-title-my-calendar'>\n\t<button type='button' aria-controls='mc_calendar_15_1583-calendar-details-1583' class='mc-toggle close'><span class='dashicons dashicons-dismiss' aria-hidden='true'><\/span><span class='screen-reader-text'>Close<\/span><\/button>\n\t\t<h4 class=\"mc-title\">17:30: Kindertraining (Mi)<\/h4>\n\t\r\n\t<div class='time-block'>\r\n\t\t<span class='mc-icon' aria-hidden='true'><\/span>\r\n\t\t<p><span class=\"time-wrapper\"><span class='event-time dtstart'><time class='value-title' datetime='2026-04-15T17:30:00+00:00' title='2026-04-15T17:30:00+00:00'>17:30<\/time><\/span> <span class='time-separator'> &ndash; <\/span> <span class='end-time dtend'> <time class='value-title' datetime='2026-04-15T19:00:00+00:00' title='2026-04-15T19:00:00+00:00'>19:00<\/time><\/span><\/span><br \/><span class=\"date-wrapper\"><span class='mc-start-date dtstart' title='2026-04-15T17:30:00+00:00' content='2026-04-15T17:30:00+00:00'>15 April, 2026<\/span>  <\/span><\/p>\r\n\t<\/div>\n\t\t<div class='longdesc description'><p>Training\u00a0 Kinder U10<\/p>\n<p>Trainer: Sebastian Kox<\/p>\n<\/div><\/div><!--end .details--><\/article><article id='mc_calendar_15_1597-calendar-1597' class='mc-mc_calendar_1597 calendar-event mc_jugend mc_no-location  past-event mc_primary_jugend nonrecurring mc-2-stunden mc-start-19-00 ungrouped mc-event-141 mc-events mc-event mc_rel_jugend'><header>\t<h3 class='event-title summary' id='mc_1597-title-my-calendar'><button type='button'  aria-expanded='false' aria-controls='mc_calendar_15_1597-calendar-details-1597' class='calendar open url summary'><div>19:00: Jugendtraining (Mi)<\/div><\/button><\/h3>\n<\/header><div id='mc_calendar_15_1597-calendar-details-1597' class='details no-image single-details'  aria-labelledby='mc_1597-title-my-calendar'>\n\t<button type='button' aria-controls='mc_calendar_15_1597-calendar-details-1597' class='mc-toggle close'><span class='dashicons dashicons-dismiss' aria-hidden='true'><\/span><span class='screen-reader-text'>Close<\/span><\/button>\n\t\t<h4 class=\"mc-title\">19:00: Jugendtraining (Mi)<\/h4>\n\t\r\n\t<div class='time-block'>\r\n\t\t<span class='mc-icon' aria-hidden='true'><\/span>\r\n\t\t<p><span class=\"time-wrapper\"><span class='event-time dtstart'><time class='value-title' datetime='2026-04-15T19:00:00+00:00' title='2026-04-15T19:00:00+00:00'>19:00<\/time><\/span> <span class='time-separator'> &ndash; <\/span> <span class='end-time dtend'> <time class='value-title' datetime='2026-04-15T20:30:00+00:00' title='2026-04-15T20:30:00+00:00'>20:30<\/time><\/span><\/span><br \/><span class=\"date-wrapper\"><span class='mc-start-date dtstart' title='2026-04-15T19:00:00+00:00' content='2026-04-15T19:00:00+00:00'>15 April, 2026<\/span>  <\/span><\/p>\r\n\t<\/div>\n\t\t<div class='longdesc description'><p>Training\u00a0 Kinder \u00dc10<\/p>\n<p>Trainer: Sebastian Kox<\/p>\n<\/div><\/div><!--end .details--><\/article>\n<\/td>\n<td class='no-events donnerstag do past-day past-date   no-events day-with-date'><div class='mc-date-container'><span class='mc-date no-events'><span aria-hidden='true'>16<\/span><span class='screen-reader-text'>16 April, 2026<\/span><\/span><\/div>\n<\/td>\n<td id='calendar-2026-04-17' class='mc-events freitag fr past-day past-date   has-events author1 mcat_veranstaltung day-with-date'><div class='mc-date-container'>\n\t<span class='mc-date'><span aria-hidden='true' class='mc-day-number'>17<\/span><span class='screen-reader-text mc-day-date'>17 April, 2026<\/span><span class=\"event-icon\" aria-hidden=\"true\">&#9679;<\/span><span class=\"screen-reader-text\"><span class=\"mc-list-details event-count\">(1 Veranstaltung)<\/span><\/span><\/span><\/div><article id='mc_calendar_17_1568-calendar-1568' class='mc-mc_calendar_1568 calendar-event mc_veranstaltung mc_no-location  past-event mc_primary_veranstaltung nonrecurring mc mc-start-19-00 ungrouped mc-event-138 mc-events mc-event mc_rel_veranstaltung'><header>\t<h3 class='event-title summary' id='mc_1568-title-my-calendar'><button type='button'  aria-expanded='false' aria-controls='mc_calendar_17_1568-calendar-details-1568' class='calendar open url summary'><div>19:00: Mitgliederversammlung<\/div><\/button><\/h3>\n<\/header><div id='mc_calendar_17_1568-calendar-details-1568' class='details no-image single-details'  aria-labelledby='mc_1568-title-my-calendar'>\n\t<button type='button' aria-controls='mc_calendar_17_1568-calendar-details-1568' class='mc-toggle close'><span class='dashicons dashicons-dismiss' aria-hidden='true'><\/span><span class='screen-reader-text'>Close<\/span><\/button>\n\t\t<h4 class=\"mc-title\">19:00: Mitgliederversammlung<\/h4>\n\t\r\n\t<div class='time-block'>\r\n\t\t<span class='mc-icon' aria-hidden='true'><\/span>\r\n\t\t<p><span class=\"time-wrapper\"><span class='event-time dtstart'><time class='value-title' datetime='2026-04-17T19:00:00+00:00' title='2026-04-17T19:00:00+00:00'>19:00<\/time><\/span>  <\/span><br \/><span class=\"date-wrapper\"><span class='mc-start-date dtstart' title='2026-04-17T19:00:00+00:00' content='2026-04-17T19:00:00+00:00'>17 April, 2026<\/span>  <\/span><\/p>\r\n\t<\/div>\n\t\t<div class='longdesc description'><div class=\"default-style\">\n<div>Mitgliederversammlung<\/div>\n<\/div>\n<div><\/div>\n<div>\n<div class=\"default-style\">\n<div>Liebe Judoka, liebe Eltern, liebe Vereinsmitglieder des Judoclub Weilerswist!<\/div>\n<div><\/div>\n<div>Ihr wollt euch informieren, was die aktuellen Themen beim Judoclub sind? Das geht leider nicht immer zwischen unseren Trainings! Judo findet nicht nur auf der Matte statt, vieles wird auch au\u00dferhalb der Sporthalle entschieden.<\/div>\n<div>Als gemeinn\u00fctzige Gemeinschaft, die sich zur F\u00f6rderung des Sports - im Schwerpunkt f\u00fcr unsere Kinder und Jugendlichen - als Verein zusammengefunden hat, bietet unsere j\u00e4hrliche Mitgliederversammlung die Gelegenheit sich umfassend zu informieren.<\/div>\n<div class=\"default-style\"><\/div>\n<p>Die\u00a0<strong>n\u00e4chste Mitgliederversammlung findet am Freitag, den 17.04.2026, um 19:00 Uh<\/strong>r im Forum der Gesamtschule in Weilerswist statt. Je nach Verf\u00fcgbarkeit sind wir in einem Klassenraum, oder in der Sporthalle. Bitte den Aufstellern folgen. An diesem Tag findet kein Training statt.<\/div>\n<div class=\"default-style\">\n<div>Zu unserer Versammlung sind nicht nur alle Mitglieder, sondern auch alle Eltern herzlich eingeladen. Wie Vereinsarbeit funktioniert, muss man lernen. Nehmt also bitte auch unsere \u00e4lteren Kinder mit zu unserer gemeinsamen Veranstaltung.<\/div>\n<div><\/div>\n<div>Bei der Mitgliederversammlung im Verein sollt ihr nicht nur informiert werden, ihr sollt mitbestimmen!<\/div>\n<div>Nach unserer Satzung sind in dieser Versammlung alle Mitglieder ab dem vollendeten 16. Lebensjahr stimmberechtigt. Das Stimmrecht der Mitglieder vor dem vollendeten 16. Lebensjahr wird von deren gesetzlichen Vertretern wahrgenommen; dabei kann jedoch f\u00fcr jedes Mitglied nur eine Stimme abgegeben werden. W\u00e4hlbar sind nur vollj\u00e4hrige und voll gesch\u00e4ftsf\u00e4hige Mitglieder.<\/div>\n<div><\/div>\n<div>Die nachfolgende Tagesordnung haben wir als Vorstand f\u00fcr unsere Versammlung vorgesehen.<\/div>\n<div><\/div>\n<div>Tagesordnung:<\/div>\n<ol>\n<li>Begr\u00fc\u00dfung<\/li>\n<li>Bericht des Vorsitzenden<\/li>\n<li>Kassenbericht<\/li>\n<li>Entlastung des Vorstandes<\/li>\n<li>Neuwahl des Vorstandes\n<ol>\n<li>Wahl 1. Vorsitzende(r)<\/li>\n<li>Wahl 2. Vorsitzende(r)<\/li>\n<li>Wahl Gesch\u00e4ftsf\u00fchrer(in)<\/li>\n<li>Wahl Kassierer(in)<\/li>\n<li>Wahl stellv. Kassierer(in)<\/li>\n<li>Wahl Jugendwart(in)<\/li>\n<li>Wahl Sportwart(in)<\/li>\n<li>Wahl Pressewart(in)<\/li>\n<\/ol>\n<\/li>\n<li>Mitgliedsbeitr\u00e4ge<\/li>\n<li>Antr\u00e4ge<\/li>\n<li>Sonstiges<\/li>\n<\/ol>\n<p>Ihr habt weitere Idee? Super! Schickt eure\u00a0<strong>Antr\u00e4ge<\/strong>, die in der Versammlung behandelt werden sollen,\u00a0<strong>bitte bis zum 10.04.2026<\/strong>\u00a0schriftlich (gerne per mail:\u00a0<a class=\"mailto-link\" href=\"mailto:vorstand@judoclub-weilerswist.de\" target=\"_blank\">vorstand@judoclub-weilerswist.de<\/a>) an den Vorstand.<\/p>\n<div>Ihr wollt euch engagieren? Noch besser! Auch wenn ihr noch nie in einem Verein t\u00e4tig wart, gibt es M\u00f6glichkeiten zum Mitmachen. Sprecht doch bitte ein Mitglied des aktuellen Vorstandes an.<\/div>\n<div><\/div>\n<div>Wir freuen uns auf unseren gemeinsamen Abend!<\/div>\n<div><\/div>\n<div class=\"default-style\">F\u00fcr den Vorstand<\/div>\n<div class=\"default-style\">mit freundlichen Gr\u00fc\u00dfen<\/div>\n<div class=\"default-style\"><\/div>\n<div class=\"default-style\">Michael Schl\u00f6\u00dfer<\/div>\n<div class=\"default-style\">1. Vorsitzender<\/div>\n<\/div>\n<\/div>\n<div class=\"default-style\">\n<div class=\"default-style\"><\/div>\n<\/div>\n<\/div><\/div><!--end .details--><\/article>\n<\/td>\n<td class='no-events samstag sa past-day past-date weekend  no-events day-with-date'><div class='mc-date-container'><span class='mc-date no-events'><span aria-hidden='true'>18<\/span><span class='screen-reader-text'>18 April, 2026<\/span><\/span><\/div>\n<\/td>\n<td class='no-events sonntag so past-day past-date weekend  no-events day-with-date'><div class='mc-date-container'><span class='mc-date no-events'><span aria-hidden='true'>19<\/span><span class='screen-reader-text'>19 April, 2026<\/span><\/span><\/div>\n<\/td>\n<\/tr>\n<!-- End Event Row -->\n<tr class='mc-row'><td id='calendar-2026-04-20' class='mc-events montag mo past-day past-date   has-events author1 mcat_jugend day-with-date'><div class='mc-date-container'>\n\t<span class='mc-date'><span aria-hidden='true' class='mc-day-number'>20<\/span><span class='screen-reader-text mc-day-date'>20 April, 2026<\/span><span class=\"event-icon\" aria-hidden=\"true\">&#9679;<\/span><span class=\"screen-reader-text\"><span class=\"mc-list-details event-count\">(1 Veranstaltung)<\/span><\/span><\/span><\/div><article id='mc_calendar_20_1570-calendar-1570' class='mc-mc_calendar_1570 calendar-event mc_jugend mc_no-location  past-event mc_primary_jugend recurring mc-2-stunden mc-start-17-30 ungrouped mc-event-143 mc-events mc-event mc_rel_jugend'><header>\t<h3 class='event-title summary' id='mc_1570-title-my-calendar'><button type='button'  aria-expanded='false' aria-controls='mc_calendar_20_1570-calendar-details-1570' class='calendar open url summary'><div>17:30: Montagstraining<\/div><\/button><\/h3>\n<\/header><div id='mc_calendar_20_1570-calendar-details-1570' class='details no-image single-details'  aria-labelledby='mc_1570-title-my-calendar'>\n\t<button type='button' aria-controls='mc_calendar_20_1570-calendar-details-1570' class='mc-toggle close'><span class='dashicons dashicons-dismiss' aria-hidden='true'><\/span><span class='screen-reader-text'>Close<\/span><\/button>\n\t\t<h4 class=\"mc-title\">17:30: Montagstraining<\/h4>\n\t\r\n\t<div class='time-block'>\r\n\t\t<span class='mc-icon' aria-hidden='true'><\/span>\r\n\t\t<p><span class=\"time-wrapper\"><span class='event-time dtstart'><time class='value-title' datetime='2026-04-20T17:30:00+00:00' title='2026-04-20T17:30:00+00:00'>17:30<\/time><\/span> <span class='time-separator'> &ndash; <\/span> <span class='end-time dtend'> <time class='value-title' datetime='2026-04-20T19:30:00+00:00' title='2026-04-20T19:30:00+00:00'>19:30<\/time><\/span><\/span><br \/><span class=\"date-wrapper\"><span class='mc-start-date dtstart' title='2026-04-20T17:30:00+00:00' content='2026-04-20T17:30:00+00:00'>20 April, 2026<\/span>  <\/span><\/p>\r\n\t<\/div>\n\t\t<div class='longdesc description'><p>Training f\u00fcr alle ab 16 Jahren<\/p>\n<\/div><\/div><!--end .details--><\/article>\n<\/td>\n<td class='no-events dienstag di past-day past-date   no-events day-with-date'><div class='mc-date-container'><span class='mc-date no-events'><span aria-hidden='true'>21<\/span><span class='screen-reader-text'>21 April, 2026<\/span><\/span><\/div>\n<\/td>\n<td id='calendar-2026-04-22' class='mc-events mittwoch mi past-day past-date   has-events author1 mcat_kinder mcat_jugend day-with-date'><div class='mc-date-container'>\n\t<span class='mc-date'><span aria-hidden='true' class='mc-day-number'>22<\/span><span class='screen-reader-text mc-day-date'>22 April, 2026<\/span><span class=\"event-icon\" aria-hidden=\"true\">&#9679;&#9679;<\/span><span class=\"screen-reader-text\"><span class=\"mc-list-details event-count\">(2 Veranstaltungen)<\/span><\/span><\/span><\/div><article id='mc_calendar_22_1584-calendar-1584' class='mc-mc_calendar_1584 calendar-event mc_kinder mc_no-location  past-event mc_primary_kinder recurring mc-2-stunden mc-start-17-30 ungrouped mc-event-130 mc-events mc-event mc_rel_kinder'><header>\t<h3 class='event-title summary' id='mc_1584-title-my-calendar'><button type='button'  aria-expanded='false' aria-controls='mc_calendar_22_1584-calendar-details-1584' class='calendar open url summary'><div>17:30: Kindertraining (Mi)<\/div><\/button><\/h3>\n<\/header><div id='mc_calendar_22_1584-calendar-details-1584' class='details no-image single-details'  aria-labelledby='mc_1584-title-my-calendar'>\n\t<button type='button' aria-controls='mc_calendar_22_1584-calendar-details-1584' class='mc-toggle close'><span class='dashicons dashicons-dismiss' aria-hidden='true'><\/span><span class='screen-reader-text'>Close<\/span><\/button>\n\t\t<h4 class=\"mc-title\">17:30: Kindertraining (Mi)<\/h4>\n\t\r\n\t<div class='time-block'>\r\n\t\t<span class='mc-icon' aria-hidden='true'><\/span>\r\n\t\t<p><span class=\"time-wrapper\"><span class='event-time dtstart'><time class='value-title' datetime='2026-04-22T17:30:00+00:00' title='2026-04-22T17:30:00+00:00'>17:30<\/time><\/span> <span class='time-separator'> &ndash; <\/span> <span class='end-time dtend'> <time class='value-title' datetime='2026-04-22T19:00:00+00:00' title='2026-04-22T19:00:00+00:00'>19:00<\/time><\/span><\/span><br \/><span class=\"date-wrapper\"><span class='mc-start-date dtstart' title='2026-04-22T17:30:00+00:00' content='2026-04-22T17:30:00+00:00'>22 April, 2026<\/span>  <\/span><\/p>\r\n\t<\/div>\n\t\t<div class='longdesc description'><p>Training\u00a0 Kinder U10<\/p>\n<p>Trainer: Sebastian Kox<\/p>\n<\/div><\/div><!--end .details--><\/article><article id='mc_calendar_22_1598-calendar-1598' class='mc-mc_calendar_1598 calendar-event mc_jugend mc_no-location  past-event mc_primary_jugend nonrecurring mc-2-stunden mc-start-19-00 ungrouped mc-event-141 mc-events mc-event mc_rel_jugend'><header>\t<h3 class='event-title summary' id='mc_1598-title-my-calendar'><button type='button'  aria-expanded='false' aria-controls='mc_calendar_22_1598-calendar-details-1598' class='calendar open url summary'><div>19:00: Jugendtraining (Mi)<\/div><\/button><\/h3>\n<\/header><div id='mc_calendar_22_1598-calendar-details-1598' class='details no-image single-details'  aria-labelledby='mc_1598-title-my-calendar'>\n\t<button type='button' aria-controls='mc_calendar_22_1598-calendar-details-1598' class='mc-toggle close'><span class='dashicons dashicons-dismiss' aria-hidden='true'><\/span><span class='screen-reader-text'>Close<\/span><\/button>\n\t\t<h4 class=\"mc-title\">19:00: Jugendtraining (Mi)<\/h4>\n\t\r\n\t<div class='time-block'>\r\n\t\t<span class='mc-icon' aria-hidden='true'><\/span>\r\n\t\t<p><span class=\"time-wrapper\"><span class='event-time dtstart'><time class='value-title' datetime='2026-04-22T19:00:00+00:00' title='2026-04-22T19:00:00+00:00'>19:00<\/time><\/span> <span class='time-separator'> &ndash; <\/span> <span class='end-time dtend'> <time class='value-title' datetime='2026-04-22T20:30:00+00:00' title='2026-04-22T20:30:00+00:00'>20:30<\/time><\/span><\/span><br \/><span class=\"date-wrapper\"><span class='mc-start-date dtstart' title='2026-04-22T19:00:00+00:00' content='2026-04-22T19:00:00+00:00'>22 April, 2026<\/span>  <\/span><\/p>\r\n\t<\/div>\n\t\t<div class='longdesc description'><p>Training\u00a0 Kinder \u00dc10<\/p>\n<p>Trainer: Sebastian Kox<\/p>\n<\/div><\/div><!--end .details--><\/article>\n<\/td>\n<td class='no-events donnerstag do past-day past-date   no-events day-with-date'><div class='mc-date-container'><span class='mc-date no-events'><span aria-hidden='true'>23<\/span><span class='screen-reader-text'>23 April, 2026<\/span><\/span><\/div>\n<\/td>\n<td id='calendar-2026-04-24' class='mc-events freitag fr past-day past-date   has-events author1 mcat_kinder mcat_jugend day-with-date'><div class='mc-date-container'>\n\t<span class='mc-date'><span aria-hidden='true' class='mc-day-number'>24<\/span><span class='screen-reader-text mc-day-date'>24 April, 2026<\/span><span class=\"event-icon\" aria-hidden=\"true\">&#9679;&#9679;<\/span><span class=\"screen-reader-text\"><span class=\"mc-list-details event-count\">(2 Veranstaltungen)<\/span><\/span><\/span><\/div><article id='mc_calendar_24_1635-calendar-1635' class='mc-mc_calendar_1635 calendar-event mc_kinder mc_no-location  past-event mc_primary_kinder recurring mc-2-stunden mc-start-17-30 ungrouped mc-event-133 mc-events mc-event mc_rel_kinder'><header>\t<h3 class='event-title summary' id='mc_1635-title-my-calendar'><button type='button'  aria-expanded='false' aria-controls='mc_calendar_24_1635-calendar-details-1635' class='calendar open url summary'><div>17:30: Kindertraining (Fr)<\/div><\/button><\/h3>\n<\/header><div id='mc_calendar_24_1635-calendar-details-1635' class='details no-image single-details'  aria-labelledby='mc_1635-title-my-calendar'>\n\t<button type='button' aria-controls='mc_calendar_24_1635-calendar-details-1635' class='mc-toggle close'><span class='dashicons dashicons-dismiss' aria-hidden='true'><\/span><span class='screen-reader-text'>Close<\/span><\/button>\n\t\t<h4 class=\"mc-title\">17:30: Kindertraining (Fr)<\/h4>\n\t\r\n\t<div class='time-block'>\r\n\t\t<span class='mc-icon' aria-hidden='true'><\/span>\r\n\t\t<p><span class=\"time-wrapper\"><span class='event-time dtstart'><time class='value-title' datetime='2026-04-24T17:30:00+00:00' title='2026-04-24T17:30:00+00:00'>17:30<\/time><\/span> <span class='time-separator'> &ndash; <\/span> <span class='end-time dtend'> <time class='value-title' datetime='2026-04-24T19:00:00+00:00' title='2026-04-24T19:00:00+00:00'>19:00<\/time><\/span><\/span><br \/><span class=\"date-wrapper\"><span class='mc-start-date dtstart' title='2026-04-24T17:30:00+00:00' content='2026-04-24T17:30:00+00:00'>24 April, 2026<\/span>  <\/span><\/p>\r\n\t<\/div>\n\t\t<div class='longdesc description'><p>Training f\u00fcr Kinder U10<\/p>\n<p>Trainer: Sebastian Kox<\/p>\n<\/div><\/div><!--end .details--><\/article><article id='mc_calendar_24_1612-calendar-1612' class='mc-mc_calendar_1612 calendar-event mc_jugend mc_no-location  past-event mc_primary_jugend nonrecurring mc-2-stunden mc-start-19-00 ungrouped mc-event-132 mc-events mc-event mc_rel_jugend'><header>\t<h3 class='event-title summary' id='mc_1612-title-my-calendar'><button type='button'  aria-expanded='false' aria-controls='mc_calendar_24_1612-calendar-details-1612' class='calendar open url summary'><div>19:00: Jugendtraining (Fr)<\/div><\/button><\/h3>\n<\/header><div id='mc_calendar_24_1612-calendar-details-1612' class='details no-image single-details'  aria-labelledby='mc_1612-title-my-calendar'>\n\t<button type='button' aria-controls='mc_calendar_24_1612-calendar-details-1612' class='mc-toggle close'><span class='dashicons dashicons-dismiss' aria-hidden='true'><\/span><span class='screen-reader-text'>Close<\/span><\/button>\n\t\t<h4 class=\"mc-title\">19:00: Jugendtraining (Fr)<\/h4>\n\t\r\n\t<div class='time-block'>\r\n\t\t<span class='mc-icon' aria-hidden='true'><\/span>\r\n\t\t<p><span class=\"time-wrapper\"><span class='event-time dtstart'><time class='value-title' datetime='2026-04-24T19:00:00+00:00' title='2026-04-24T19:00:00+00:00'>19:00<\/time><\/span> <span class='time-separator'> &ndash; <\/span> <span class='end-time dtend'> <time class='value-title' datetime='2026-04-24T20:30:00+00:00' title='2026-04-24T20:30:00+00:00'>20:30<\/time><\/span><\/span><br \/><span class=\"date-wrapper\"><span class='mc-start-date dtstart' title='2026-04-24T19:00:00+00:00' content='2026-04-24T19:00:00+00:00'>24 April, 2026<\/span>  <\/span><\/p>\r\n\t<\/div>\n\t\t<div class='longdesc description'><p>Training\u00a0 Kinder ab10<\/p>\n<p>Trainer: Sebastian Kox<\/p>\n<\/div><\/div><!--end .details--><\/article>\n<\/td>\n<td class='no-events samstag sa past-day past-date weekend  no-events day-with-date'><div class='mc-date-container'><span class='mc-date no-events'><span aria-hidden='true'>25<\/span><span class='screen-reader-text'>25 April, 2026<\/span><\/span><\/div>\n<\/td>\n<td class='no-events sonntag so past-day past-date weekend  no-events day-with-date'><div class='mc-date-container'><span class='mc-date no-events'><span aria-hidden='true'>26<\/span><span class='screen-reader-text'>26 April, 2026<\/span><\/span><\/div>\n<\/td>\n<\/tr>\n<!-- End Event Row -->\n<tr class='mc-row'><td id='calendar-2026-04-27' class='mc-events montag mo past-day past-date   has-events author1 mcat_jugend day-with-date'><div class='mc-date-container'>\n\t<span class='mc-date'><span aria-hidden='true' class='mc-day-number'>27<\/span><span class='screen-reader-text mc-day-date'>27 April, 2026<\/span><span class=\"event-icon\" aria-hidden=\"true\">&#9679;<\/span><span class=\"screen-reader-text\"><span class=\"mc-list-details event-count\">(1 Veranstaltung)<\/span><\/span><\/span><\/div><article id='mc_calendar_27_1571-calendar-1571' class='mc-mc_calendar_1571 calendar-event mc_jugend mc_no-location  past-event mc_primary_jugend recurring mc-2-stunden mc-start-17-30 ungrouped mc-event-143 mc-events mc-event mc_rel_jugend'><header>\t<h3 class='event-title summary' id='mc_1571-title-my-calendar'><button type='button'  aria-expanded='false' aria-controls='mc_calendar_27_1571-calendar-details-1571' class='calendar open url summary'><div>17:30: Montagstraining<\/div><\/button><\/h3>\n<\/header><div id='mc_calendar_27_1571-calendar-details-1571' class='details no-image single-details'  aria-labelledby='mc_1571-title-my-calendar'>\n\t<button type='button' aria-controls='mc_calendar_27_1571-calendar-details-1571' class='mc-toggle close'><span class='dashicons dashicons-dismiss' aria-hidden='true'><\/span><span class='screen-reader-text'>Close<\/span><\/button>\n\t\t<h4 class=\"mc-title\">17:30: Montagstraining<\/h4>\n\t\r\n\t<div class='time-block'>\r\n\t\t<span class='mc-icon' aria-hidden='true'><\/span>\r\n\t\t<p><span class=\"time-wrapper\"><span class='event-time dtstart'><time class='value-title' datetime='2026-04-27T17:30:00+00:00' title='2026-04-27T17:30:00+00:00'>17:30<\/time><\/span> <span class='time-separator'> &ndash; <\/span> <span class='end-time dtend'> <time class='value-title' datetime='2026-04-27T19:30:00+00:00' title='2026-04-27T19:30:00+00:00'>19:30<\/time><\/span><\/span><br \/><span class=\"date-wrapper\"><span class='mc-start-date dtstart' title='2026-04-27T17:30:00+00:00' content='2026-04-27T17:30:00+00:00'>27 April, 2026<\/span>  <\/span><\/p>\r\n\t<\/div>\n\t\t<div class='longdesc description'><p>Training f\u00fcr alle ab 16 Jahren<\/p>\n<\/div><\/div><!--end .details--><\/article>\n<\/td>\n<td class='no-events dienstag di past-day past-date   no-events day-with-date'><div class='mc-date-container'><span class='mc-date no-events'><span aria-hidden='true'>28<\/span><span class='screen-reader-text'>28 April, 2026<\/span><\/span><\/div>\n<\/td>\n<td id='calendar-2026-04-29' aria-current=\"date\" class='mc-events mittwoch mi current-day   has-events author1 mcat_kinder mcat_jugend day-with-date'><div class='mc-date-container'>\n\t<span class='mc-date'><span aria-hidden='true' class='mc-day-number'>29<\/span><span class='screen-reader-text mc-day-date'>29 April, 2026<\/span><span class=\"event-icon\" aria-hidden=\"true\">&#9679;&#9679;<\/span><span class=\"screen-reader-text\"><span class=\"mc-list-details event-count\">(2 Veranstaltungen)<\/span><\/span><\/span><\/div><article id='mc_calendar_29_1585-calendar-1585' class='mc-mc_calendar_1585 calendar-event mc_kinder mc_no-location  future-event mc_primary_kinder recurring mc-2-stunden mc-start-17-30 ungrouped mc-event-130 today-event mc-events mc-event mc_rel_kinder'><header>\t<h3 class='event-title summary' id='mc_1585-title-my-calendar'><button type='button'  aria-expanded='false' aria-controls='mc_calendar_29_1585-calendar-details-1585' class='calendar open url summary'><div>17:30: Kindertraining (Mi)<\/div><\/button><\/h3>\n<\/header><div id='mc_calendar_29_1585-calendar-details-1585' class='details no-image single-details'  aria-labelledby='mc_1585-title-my-calendar'>\n\t<button type='button' aria-controls='mc_calendar_29_1585-calendar-details-1585' class='mc-toggle close'><span class='dashicons dashicons-dismiss' aria-hidden='true'><\/span><span class='screen-reader-text'>Close<\/span><\/button>\n\t\t<h4 class=\"mc-title\">17:30: Kindertraining (Mi)<\/h4>\n\t\r\n\t<div class='time-block'>\r\n\t\t<span class='mc-icon' aria-hidden='true'><\/span>\r\n\t\t<p><span class=\"time-wrapper\"><span class='event-time dtstart'><time class='value-title' datetime='2026-04-29T17:30:00+00:00' title='2026-04-29T17:30:00+00:00'>17:30<\/time><\/span> <span class='time-separator'> &ndash; <\/span> <span class='end-time dtend'> <time class='value-title' datetime='2026-04-29T19:00:00+00:00' title='2026-04-29T19:00:00+00:00'>19:00<\/time><\/span><\/span><br \/><span class=\"date-wrapper\"><span class='mc-start-date dtstart' title='2026-04-29T17:30:00+00:00' content='2026-04-29T17:30:00+00:00'>29 April, 2026<\/span>  <\/span><\/p>\r\n\t<\/div>\n\t\t<div class='longdesc description'><p>Training\u00a0 Kinder U10<\/p>\n<p>Trainer: Sebastian Kox<\/p>\n<\/div><\/div><!--end .details--><\/article><article id='mc_calendar_29_1599-calendar-1599' class='mc-mc_calendar_1599 calendar-event mc_jugend mc_no-location  future-event mc_primary_jugend nonrecurring mc-2-stunden mc-start-19-00 ungrouped mc-event-141 today-event mc-events mc-event mc_rel_jugend'><header>\t<h3 class='event-title summary' id='mc_1599-title-my-calendar'><button type='button'  aria-expanded='false' aria-controls='mc_calendar_29_1599-calendar-details-1599' class='calendar open url summary'><div>19:00: Jugendtraining (Mi)<\/div><\/button><\/h3>\n<\/header><div id='mc_calendar_29_1599-calendar-details-1599' class='details no-image single-details'  aria-labelledby='mc_1599-title-my-calendar'>\n\t<button type='button' aria-controls='mc_calendar_29_1599-calendar-details-1599' class='mc-toggle close'><span class='dashicons dashicons-dismiss' aria-hidden='true'><\/span><span class='screen-reader-text'>Close<\/span><\/button>\n\t\t<h4 class=\"mc-title\">19:00: Jugendtraining (Mi)<\/h4>\n\t\r\n\t<div class='time-block'>\r\n\t\t<span class='mc-icon' aria-hidden='true'><\/span>\r\n\t\t<p><span class=\"time-wrapper\"><span class='event-time dtstart'><time class='value-title' datetime='2026-04-29T19:00:00+00:00' title='2026-04-29T19:00:00+00:00'>19:00<\/time><\/span> <span class='time-separator'> &ndash; <\/span> <span class='end-time dtend'> <time class='value-title' datetime='2026-04-29T20:30:00+00:00' title='2026-04-29T20:30:00+00:00'>20:30<\/time><\/span><\/span><br \/><span class=\"date-wrapper\"><span class='mc-start-date dtstart' title='2026-04-29T19:00:00+00:00' content='2026-04-29T19:00:00+00:00'>29 April, 2026<\/span>  <\/span><\/p>\r\n\t<\/div>\n\t\t<div class='longdesc description'><p>Training\u00a0 Kinder \u00dc10<\/p>\n<p>Trainer: Sebastian Kox<\/p>\n<\/div><\/div><!--end .details--><\/article>\n<\/td>\n<td class='no-events donnerstag do future-day   no-events day-with-date'><div class='mc-date-container'><span class='mc-date no-events'><span aria-hidden='true'>30<\/span><span class='screen-reader-text'>30 April, 2026<\/span><\/span><\/div>\n<\/td>\n<td class='no-events freitag fr future-day  nextmonth no-events day-with-date'><div class='mc-date-container'><span class='mc-date no-events'><span aria-hidden='true'>1<\/span><span class='screen-reader-text'>1 Mai, 2026<\/span><\/span><\/div>\n<\/td>\n<td class='no-events samstag sa future-day weekend nextmonth no-events day-with-date'><div class='mc-date-container'><span class='mc-date no-events'><span aria-hidden='true'>2<\/span><span class='screen-reader-text'>2 Mai, 2026<\/span><\/span><\/div>\n<\/td>\n<td class='no-events sonntag so future-day weekend nextmonth no-events day-with-date'><div class='mc-date-container'><span class='mc-date no-events'><span aria-hidden='true'>3<\/span><span class='screen-reader-text'>3 Mai, 2026<\/span><\/span><\/div>\n<\/td>\n<\/tr>\n<!-- End Event Row -->\n\n<\/tbody>\n<\/table><\/div><!-- .mc-content -->\n<nav class=\"my-calendar-navigation\" aria-label=\"Kalender (unten)\">\n<div class=\"mc_bottomnav my-calendar-footer\"><div class=\"category-key no-icons\"><h2 class=\"maybe-hide\">Veranstaltungskategorien<\/h2>\n<ul>\n<li class=\"cat_ferien\"><button type=\"button\" class=\"mc-navigation-button\" id=\"mc_cat_1-my-calendar\" data-href=\"https:\/\/www.judoclub-weilerswist.de\/?page_id=337&#038;mcat=1&#038;rest_route=\/wp\/v2\/pages\/337\" ><span class=\"category-color-sample no-icon\" style=\"background:#ffffcc;\"> &nbsp; <\/span><span class=\"mc-category-title\">Ferien<\/span><\/button><\/li><li class=\"cat_jugend\"><button type=\"button\" class=\"mc-navigation-button\" id=\"mc_cat_2-my-calendar\" data-href=\"https:\/\/www.judoclub-weilerswist.de\/?page_id=337&#038;mcat=2&#038;rest_route=\/wp\/v2\/pages\/337\" ><span class=\"category-color-sample no-icon\" style=\"background:#1e73be;\"> &nbsp; <\/span><span class=\"mc-category-title\">Jugend<\/span><\/button><\/li><li class=\"cat_kinder\"><button type=\"button\" class=\"mc-navigation-button\" id=\"mc_cat_3-my-calendar\" data-href=\"https:\/\/www.judoclub-weilerswist.de\/?page_id=337&#038;mcat=3&#038;rest_route=\/wp\/v2\/pages\/337\" ><span class=\"category-color-sample no-icon\" style=\"background:#81d742;\"> &nbsp; <\/span><span class=\"mc-category-title\">Kinder<\/span><\/button><\/li><li class=\"cat_veranstaltung\"><button type=\"button\" class=\"mc-navigation-button\" id=\"mc_cat_4-my-calendar\" data-href=\"https:\/\/www.judoclub-weilerswist.de\/?page_id=337&#038;mcat=4&#038;rest_route=\/wp\/v2\/pages\/337\" ><span class=\"category-color-sample no-icon\" style=\"background:#30d1c0;\"> &nbsp; <\/span><span class=\"mc-category-title\">Veranstaltung<\/span><\/button><\/li><li class='all-categories'><span class='mc-active' id='mc_cat_all-my-calendar' tabindex='-1'>Alle Kategorien<\/span><\/li><\/ul><\/div><div class='mc-print'><a id='mc_print-my-calendar' href='https:\/\/www.judoclub-weilerswist.de?cid=mc-print-view&#038;dy=1&#038;href=https%3A%2F%2Fwww.judoclub-weilerswist.de%3Frest_route%3D%2Fwp%2Fv2%2Fpages%2F337&#038;month=4&#038;rest_route=\/wp\/v2\/pages\/337&#038;time=month&#038;yr=2026' rel='nofollow'><span class='mc-icon' aria-hidden='true'><\/span>Ansicht<span class=\"maybe-hide\"> ausdrucken<\/span><\/a><\/div><div class='mc-export mc-subscribe'>\r\n\t<ul><li class='ics google'><a href='https:\/\/www.google.com\/calendar\/render?cid=webcal:\/\/www.judoclub-weilerswist.de\/?feed=my-calendar-google' rel='nofollow'><span class='mc-icon' aria-hidden='true'><\/span><span class=\"maybe-hide\">Eintragen in <\/span>Google<\/a><\/li><li class='ics ical'><a href='webcal:\/\/www.judoclub-weilerswist.de\/?feed=my-calendar-google' rel='nofollow'><span class='mc-icon' aria-hidden='true'><\/span><span class=\"maybe-hide\">Abonnieren in <\/span>iCal<\/a><\/li><\/ul>\r\n<\/div><div class='mc-export mc-download'>\r\n\t<ul><li class='ics google'><a href='https:\/\/www.google.com\/calendar\/render?cid=https:\/\/www.judoclub-weilerswist.de\/?feed=my-calendar-ics&#038;dy=1&#038;month=4&#038;nmonth=5&#038;nyr=2026&#038;rest_route=\/wp\/v2\/pages\/337&#038;time=month&#038;yr=2026' rel='nofollow'><span class='mc-icon' aria-hidden='true'><\/span><span class=\"maybe-hide\">Export zu <\/span>Google<\/a><\/li><li class='ics ical'><a href='https:\/\/www.judoclub-weilerswist.de\/?feed=my-calendar-ics&#038;dy=1&#038;month=4&#038;nmonth=5&#038;nyr=2026&#038;rest_route=\/wp\/v2\/pages\/337&#038;time=month&#038;yr=2026' rel='nofollow'><span class='mc-icon' aria-hidden='true'><\/span><span class=\"maybe-hide\">Export zu <\/span>iCal<\/a><\/li><\/ul>\r\n<\/div><\/div>\n<\/nav>\n\r\n<\/div><!-- Close Main My Calendar Wrapper -->\n\n\n<p><\/p>\n","protected":false},"excerpt":{"rendered":"","protected":false},"author":1,"featured_media":0,"parent":0,"menu_order":0,"comment_status":"closed","ping_status":"closed","template":"","meta":{"_mc_calendar":[],"footnotes":""},"class_list":["post-337","page","type-page","status-publish","hentry"],"_links":{"self":[{"href":"https:\/\/www.judoclub-weilerswist.de\/index.php?rest_route=\/wp\/v2\/pages\/337","targetHints":{"allow":["GET"]}}],"collection":[{"href":"https:\/\/www.judoclub-weilerswist.de\/index.php?rest_route=\/wp\/v2\/pages"}],"about":[{"href":"https:\/\/www.judoclub-weilerswist.de\/index.php?rest_route=\/wp\/v2\/types\/page"}],"author":[{"embeddable":true,"href":"https:\/\/www.judoclub-weilerswist.de\/index.php?rest_route=\/wp\/v2\/users\/1"}],"replies":[{"embeddable":true,"href":"https:\/\/www.judoclub-weilerswist.de\/index.php?rest_route=%2Fwp%2Fv2%2Fcomments&post=337"}],"version-history":[{"count":6,"href":"https:\/\/www.judoclub-weilerswist.de\/index.php?rest_route=\/wp\/v2\/pages\/337\/revisions"}],"predecessor-version":[{"id":820,"href":"https:\/\/www.judoclub-weilerswist.de\/index.php?rest_route=\/wp\/v2\/pages\/337\/revisions\/820"}],"wp:attachment":[{"href":"https:\/\/www.judoclub-weilerswist.de\/index.php?rest_route=%2Fwp%2Fv2%2Fmedia&parent=337"}],"curies":[{"name":"wp","href":"https:\/\/api.w.org\/{rel}","templated":true}]}}